{"id":305,"date":"2017-02-23T15:41:13","date_gmt":"2017-02-23T14:41:13","guid":{"rendered":"http:\/\/www.groupe1000picardie.fr\/wp-G1000\/?page_id=305"},"modified":"2017-02-24T10:53:24","modified_gmt":"2017-02-24T09:53:24","slug":"ouvrages-fonctionnels-rehabilitations","status":"publish","type":"page","link":"http:\/\/www.groupe1000picardie.fr\/wp-G1000\/ouvrages-fonctionnels-rehabilitations\/","title":{"rendered":"Ouvrages fonctionnels \u2013 R\u00e9habilitations"},"content":{"rendered":"<p style=\"text-align: center;\">Ouvrages fonctionnels \u2013 R\u00e9habilitations<\/p>\n\t\t\t<style>\r\n                #foogallery-gallery-373.fg-justified .fg-item {\r\n                    margin-right: 1px;\r\n                    margin-bottom: 1px;\r\n                }\r\n\r\n                #foogallery-gallery-373.fg-justified .fg-image {\r\n                    height: 150px;\r\n                }\r\n\t\t\t<\/style>\r\n\t\t\t<div class=\"foogallery foogallery-container foogallery-justified foogallery-lightbox-foobox fg-justified fg-light fg-loading-default fg-loaded-fade-in fg-hover-fade fg-ready\" id=\"foogallery-gallery-373\" data-foogallery=\"{&quot;item&quot;:{&quot;showCaptionTitle&quot;:true,&quot;showCaptionDescription&quot;:true},&quot;lazy&quot;:true,&quot;template&quot;:{&quot;rowHeight&quot;:150,&quot;maxRowHeight&quot;:300,&quot;margins&quot;:1,&quot;align&quot;:&quot;center&quot;,&quot;lastRow&quot;:&quot;smart&quot;}}\" >\r\n\t<div class=\"fg-item fg-type-image fg-idle\"><figure class=\"fg-item-inner\"><a href=\"http:\/\/www.groupe1000picardie.fr\/wp-G1000\/wp-content\/uploads\/2017\/02\/R\u00e9ha-OF-2004-Restructuration-et-extension-du-Coll\u00e8ge-C\u00e9sar-Franck-\u00e0-Amiens.jpg\" data-attachment-id=\"788\" data-type=\"image\" class=\"fg-thumb\"><span class=\"fg-image-wrap\"><img fetchpriority=\"high\" decoding=\"async\" height=\"300\" width=\"421\" class=\"skip-lazy fg-image\" data-src-fg=\"http:\/\/www.groupe1000picardie.fr\/wp-G1000\/wp-content\/uploads\/cache\/2017\/02\/R\u00e9ha-OF-2004-Restructuration-et-extension-du-Coll\u00e8ge-C\u00e9sar-Franck-\u00e0-Amiens\/3077792090.jpg\" src=\"data:image\/svg+xml,%3Csvg%20xmlns%3D%22http%3A%2F%2Fwww.w3.org%2F2000%2Fsvg%22%20width%3D%22421%22%20height%3D%22300%22%20viewBox%3D%220%200%20421%20300%22%3E%3C%2Fsvg%3E\" loading=\"eager\"><\/span><span class=\"fg-image-overlay\"><\/span><\/a><figcaption class=\"fg-caption\"><div class=\"fg-caption-inner\"><\/div><\/figcaption><\/figure><div class=\"fg-loader\"><\/div><\/div><div class=\"fg-item fg-type-image fg-idle\"><figure class=\"fg-item-inner\"><a href=\"http:\/\/www.groupe1000picardie.fr\/wp-G1000\/wp-content\/uploads\/2017\/02\/R\u00e9ha-OF-2005-R\u00e9habilitation-du-coll\u00e8ge-Sagebien-\u00e0-Amiens.jpg\" data-attachment-id=\"789\" data-type=\"image\" class=\"fg-thumb\"><span class=\"fg-image-wrap\"><img decoding=\"async\" height=\"300\" width=\"400\" class=\"skip-lazy fg-image\" data-src-fg=\"http:\/\/www.groupe1000picardie.fr\/wp-G1000\/wp-content\/uploads\/cache\/2017\/02\/R\u00e9ha-OF-2005-R\u00e9habilitation-du-coll\u00e8ge-Sagebien-\u00e0-Amiens\/16733722.jpg\" src=\"data:image\/svg+xml,%3Csvg%20xmlns%3D%22http%3A%2F%2Fwww.w3.org%2F2000%2Fsvg%22%20width%3D%22400%22%20height%3D%22300%22%20viewBox%3D%220%200%20400%20300%22%3E%3C%2Fsvg%3E\" loading=\"eager\"><\/span><span class=\"fg-image-overlay\"><\/span><\/a><figcaption class=\"fg-caption\"><div class=\"fg-caption-inner\"><\/div><\/figcaption><\/figure><div class=\"fg-loader\"><\/div><\/div><div class=\"fg-item fg-type-image fg-idle\"><figure class=\"fg-item-inner\"><a href=\"http:\/\/www.groupe1000picardie.fr\/wp-G1000\/wp-content\/uploads\/2017\/02\/R\u00e9ha-Of-2006-Restructuration-et-mise-aux-normes-de-la-12-pension-au-LEGTA-Le-paraclet-\u00e0-Cottenchy-1.jpg\" data-attachment-id=\"791\" data-type=\"image\" class=\"fg-thumb\"><span class=\"fg-image-wrap\"><img decoding=\"async\" height=\"300\" width=\"400\" class=\"skip-lazy fg-image\" data-src-fg=\"http:\/\/www.groupe1000picardie.fr\/wp-G1000\/wp-content\/uploads\/cache\/2017\/02\/R\u00e9ha-Of-2006-Restructuration-et-mise-aux-normes-de-la-12-pension-au-LEGTA-Le-paraclet-\u00e0-Cottenchy-1\/1629507007.jpg\" src=\"data:image\/svg+xml,%3Csvg%20xmlns%3D%22http%3A%2F%2Fwww.w3.org%2F2000%2Fsvg%22%20width%3D%22400%22%20height%3D%22300%22%20viewBox%3D%220%200%20400%20300%22%3E%3C%2Fsvg%3E\" loading=\"eager\"><\/span><span class=\"fg-image-overlay\"><\/span><\/a><figcaption class=\"fg-caption\"><div class=\"fg-caption-inner\"><\/div><\/figcaption><\/figure><div class=\"fg-loader\"><\/div><\/div><div class=\"fg-item fg-type-image fg-idle\"><figure class=\"fg-item-inner\"><a href=\"http:\/\/www.groupe1000picardie.fr\/wp-G1000\/wp-content\/uploads\/2017\/02\/R\u00e9ha-Of-2006-Restructuration-et-mise-aux-normes-de-la-12-pension-au-LEGTA-Le-paraclet-\u00e0-Cottenchy-2.jpg\" data-attachment-id=\"792\" data-type=\"image\" class=\"fg-thumb\"><span class=\"fg-image-wrap\"><img decoding=\"async\" height=\"300\" width=\"400\" class=\"skip-lazy fg-image\" data-src-fg=\"http:\/\/www.groupe1000picardie.fr\/wp-G1000\/wp-content\/uploads\/cache\/2017\/02\/R\u00e9ha-Of-2006-Restructuration-et-mise-aux-normes-de-la-12-pension-au-LEGTA-Le-paraclet-\u00e0-Cottenchy-2\/1265236657.jpg\" src=\"data:image\/svg+xml,%3Csvg%20xmlns%3D%22http%3A%2F%2Fwww.w3.org%2F2000%2Fsvg%22%20width%3D%22400%22%20height%3D%22300%22%20viewBox%3D%220%200%20400%20300%22%3E%3C%2Fsvg%3E\" loading=\"eager\"><\/span><span class=\"fg-image-overlay\"><\/span><\/a><figcaption class=\"fg-caption\"><div class=\"fg-caption-inner\"><\/div><\/figcaption><\/figure><div class=\"fg-loader\"><\/div><\/div><div class=\"fg-item fg-type-image fg-idle\"><figure class=\"fg-item-inner\"><a href=\"http:\/\/www.groupe1000picardie.fr\/wp-G1000\/wp-content\/uploads\/2017\/02\/R\u00e9ha-Of-2006-Restructuration-et-mise-aux-normes-de-la-12-pension-au-LEGTA-Le-paraclet-\u00e0-Cottenchy-3.jpg\" data-attachment-id=\"793\" data-type=\"image\" class=\"fg-thumb\"><span class=\"fg-image-wrap\"><img decoding=\"async\" height=\"300\" width=\"400\" class=\"skip-lazy fg-image\" data-src-fg=\"http:\/\/www.groupe1000picardie.fr\/wp-G1000\/wp-content\/uploads\/cache\/2017\/02\/R\u00e9ha-Of-2006-Restructuration-et-mise-aux-normes-de-la-12-pension-au-LEGTA-Le-paraclet-\u00e0-Cottenchy-3\/3833490036.jpg\" src=\"data:image\/svg+xml,%3Csvg%20xmlns%3D%22http%3A%2F%2Fwww.w3.org%2F2000%2Fsvg%22%20width%3D%22400%22%20height%3D%22300%22%20viewBox%3D%220%200%20400%20300%22%3E%3C%2Fsvg%3E\" loading=\"eager\"><\/span><span class=\"fg-image-overlay\"><\/span><\/a><figcaption class=\"fg-caption\"><div class=\"fg-caption-inner\"><\/div><\/figcaption><\/figure><div class=\"fg-loader\"><\/div><\/div><div class=\"fg-item fg-type-image fg-idle\"><figure class=\"fg-item-inner\"><a href=\"http:\/\/www.groupe1000picardie.fr\/wp-G1000\/wp-content\/uploads\/2017\/02\/R\u00e9ha-Of-2006-Restructuration-et-mise-aux-normes-de-la-12-pension-au-LEGTA-Le-paraclet-\u00e0-Cottenchy-4.jpg\" data-attachment-id=\"794\" data-type=\"image\" class=\"fg-thumb\"><span class=\"fg-image-wrap\"><img decoding=\"async\" height=\"300\" width=\"400\" class=\"skip-lazy fg-image\" data-src-fg=\"http:\/\/www.groupe1000picardie.fr\/wp-G1000\/wp-content\/uploads\/cache\/2017\/02\/R\u00e9ha-Of-2006-Restructuration-et-mise-aux-normes-de-la-12-pension-au-LEGTA-Le-paraclet-\u00e0-Cottenchy-4\/536515757.jpg\" src=\"data:image\/svg+xml,%3Csvg%20xmlns%3D%22http%3A%2F%2Fwww.w3.org%2F2000%2Fsvg%22%20width%3D%22400%22%20height%3D%22300%22%20viewBox%3D%220%200%20400%20300%22%3E%3C%2Fsvg%3E\" loading=\"eager\"><\/span><span class=\"fg-image-overlay\"><\/span><\/a><figcaption class=\"fg-caption\"><div class=\"fg-caption-inner\"><\/div><\/figcaption><\/figure><div class=\"fg-loader\"><\/div><\/div><div class=\"fg-item fg-type-image fg-idle\"><figure class=\"fg-item-inner\"><a href=\"http:\/\/www.groupe1000picardie.fr\/wp-G1000\/wp-content\/uploads\/2017\/02\/R\u00e9ha-OF-2007-Travaux-de-mise-en-s\u00e9curit\u00e9-cit\u00e9-Scolaire-sud-\u00e0-Amiens.jpg\" data-attachment-id=\"795\" data-type=\"image\" class=\"fg-thumb\"><span class=\"fg-image-wrap\"><img decoding=\"async\" height=\"300\" width=\"400\" class=\"skip-lazy fg-image\" data-src-fg=\"http:\/\/www.groupe1000picardie.fr\/wp-G1000\/wp-content\/uploads\/cache\/2017\/02\/R\u00e9ha-OF-2007-Travaux-de-mise-en-s\u00e9curit\u00e9-cit\u00e9-Scolaire-sud-\u00e0-Amiens\/657457919.jpg\" src=\"data:image\/svg+xml,%3Csvg%20xmlns%3D%22http%3A%2F%2Fwww.w3.org%2F2000%2Fsvg%22%20width%3D%22400%22%20height%3D%22300%22%20viewBox%3D%220%200%20400%20300%22%3E%3C%2Fsvg%3E\" loading=\"eager\"><\/span><span class=\"fg-image-overlay\"><\/span><\/a><figcaption class=\"fg-caption\"><div class=\"fg-caption-inner\"><\/div><\/figcaption><\/figure><div class=\"fg-loader\"><\/div><\/div><div class=\"fg-item fg-type-image fg-idle\"><figure class=\"fg-item-inner\"><a href=\"http:\/\/www.groupe1000picardie.fr\/wp-G1000\/wp-content\/uploads\/2017\/02\/R\u00e9ha-OF-2010-Centre-Medico-Psycho-P\u00e9dagogique-\u00e0-Conty.jpg\" data-attachment-id=\"797\" data-type=\"image\" class=\"fg-thumb\"><span class=\"fg-image-wrap\"><img decoding=\"async\" height=\"300\" width=\"400\" class=\"skip-lazy fg-image\" data-src-fg=\"http:\/\/www.groupe1000picardie.fr\/wp-G1000\/wp-content\/uploads\/cache\/2017\/02\/R\u00e9ha-OF-2010-Centre-Medico-Psycho-P\u00e9dagogique-\u00e0-Conty\/2101900986.jpg\" src=\"data:image\/svg+xml,%3Csvg%20xmlns%3D%22http%3A%2F%2Fwww.w3.org%2F2000%2Fsvg%22%20width%3D%22400%22%20height%3D%22300%22%20viewBox%3D%220%200%20400%20300%22%3E%3C%2Fsvg%3E\" loading=\"eager\"><\/span><span class=\"fg-image-overlay\"><\/span><\/a><figcaption class=\"fg-caption\"><div class=\"fg-caption-inner\"><\/div><\/figcaption><\/figure><div class=\"fg-loader\"><\/div><\/div><div class=\"fg-item fg-type-image fg-idle\"><figure class=\"fg-item-inner\"><a href=\"http:\/\/www.groupe1000picardie.fr\/wp-G1000\/wp-content\/uploads\/2017\/02\/R\u00e9ha-OF-2011-Restructuration-du-CIRAT-\u00e0-Amiens.jpg\" data-attachment-id=\"798\" data-type=\"image\" class=\"fg-thumb\"><span class=\"fg-image-wrap\"><img decoding=\"async\" height=\"300\" width=\"400\" class=\"skip-lazy fg-image\" data-src-fg=\"http:\/\/www.groupe1000picardie.fr\/wp-G1000\/wp-content\/uploads\/cache\/2017\/02\/R\u00e9ha-OF-2011-Restructuration-du-CIRAT-\u00e0-Amiens\/4025976164.jpg\" src=\"data:image\/svg+xml,%3Csvg%20xmlns%3D%22http%3A%2F%2Fwww.w3.org%2F2000%2Fsvg%22%20width%3D%22400%22%20height%3D%22300%22%20viewBox%3D%220%200%20400%20300%22%3E%3C%2Fsvg%3E\" loading=\"eager\"><\/span><span class=\"fg-image-overlay\"><\/span><\/a><figcaption class=\"fg-caption\"><div class=\"fg-caption-inner\"><\/div><\/figcaption><\/figure><div class=\"fg-loader\"><\/div><\/div><div class=\"fg-item fg-type-image fg-idle\"><figure class=\"fg-item-inner\"><a href=\"http:\/\/www.groupe1000picardie.fr\/wp-G1000\/wp-content\/uploads\/2017\/02\/R\u00e9ha-OF-2013-SESSAD-6-logements-\u00e1-Abbeville-1.jpg\" data-attachment-id=\"799\" data-type=\"image\" class=\"fg-thumb\"><span class=\"fg-image-wrap\"><img decoding=\"async\" height=\"300\" width=\"224\" class=\"skip-lazy fg-image\" data-src-fg=\"http:\/\/www.groupe1000picardie.fr\/wp-G1000\/wp-content\/uploads\/cache\/2017\/02\/R\u00e9ha-OF-2013-SESSAD-6-logements-\u00e1-Abbeville-1\/824834861.jpg\" src=\"data:image\/svg+xml,%3Csvg%20xmlns%3D%22http%3A%2F%2Fwww.w3.org%2F2000%2Fsvg%22%20width%3D%22224%22%20height%3D%22300%22%20viewBox%3D%220%200%20224%20300%22%3E%3C%2Fsvg%3E\" loading=\"eager\"><\/span><span class=\"fg-image-overlay\"><\/span><\/a><figcaption class=\"fg-caption\"><div class=\"fg-caption-inner\"><\/div><\/figcaption><\/figure><div class=\"fg-loader\"><\/div><\/div><div class=\"fg-item fg-type-image fg-idle\"><figure class=\"fg-item-inner\"><a href=\"http:\/\/www.groupe1000picardie.fr\/wp-G1000\/wp-content\/uploads\/2017\/02\/R\u00e9ha-OF-2013-SESSAD-6-logements-\u00e1-Abbeville-2.jpg\" data-attachment-id=\"800\" data-type=\"image\" class=\"fg-thumb\"><span class=\"fg-image-wrap\"><img decoding=\"async\" height=\"300\" width=\"402\" class=\"skip-lazy fg-image\" data-src-fg=\"http:\/\/www.groupe1000picardie.fr\/wp-G1000\/wp-content\/uploads\/cache\/2017\/02\/R\u00e9ha-OF-2013-SESSAD-6-logements-\u00e1-Abbeville-2\/3278689329.jpg\" src=\"data:image\/svg+xml,%3Csvg%20xmlns%3D%22http%3A%2F%2Fwww.w3.org%2F2000%2Fsvg%22%20width%3D%22402%22%20height%3D%22300%22%20viewBox%3D%220%200%20402%20300%22%3E%3C%2Fsvg%3E\" loading=\"eager\"><\/span><span class=\"fg-image-overlay\"><\/span><\/a><figcaption class=\"fg-caption\"><div class=\"fg-caption-inner\"><\/div><\/figcaption><\/figure><div class=\"fg-loader\"><\/div><\/div><div class=\"fg-item fg-type-image fg-idle\"><figure class=\"fg-item-inner\"><a href=\"http:\/\/www.groupe1000picardie.fr\/wp-G1000\/wp-content\/uploads\/2017\/02\/R\u00e9ha-OF-2013-SESSAD-\u00e1-Flixecourt-.jpg\" data-attachment-id=\"801\" data-type=\"image\" class=\"fg-thumb\"><span class=\"fg-image-wrap\"><img decoding=\"async\" height=\"300\" width=\"402\" class=\"skip-lazy fg-image\" data-src-fg=\"http:\/\/www.groupe1000picardie.fr\/wp-G1000\/wp-content\/uploads\/cache\/2017\/02\/R\u00e9ha-OF-2013-SESSAD-\u00e1-Flixecourt-\/1284822145.jpg\" src=\"data:image\/svg+xml,%3Csvg%20xmlns%3D%22http%3A%2F%2Fwww.w3.org%2F2000%2Fsvg%22%20width%3D%22402%22%20height%3D%22300%22%20viewBox%3D%220%200%20402%20300%22%3E%3C%2Fsvg%3E\" loading=\"eager\"><\/span><span class=\"fg-image-overlay\"><\/span><\/a><figcaption class=\"fg-caption\"><div class=\"fg-caption-inner\"><\/div><\/figcaption><\/figure><div class=\"fg-loader\"><\/div><\/div><div class=\"fg-item fg-type-image fg-idle\"><figure class=\"fg-item-inner\"><a href=\"http:\/\/www.groupe1000picardie.fr\/wp-G1000\/wp-content\/uploads\/2017\/02\/R\u00e9ha-OF-2014-Am\u00e9nagment-dune-blanchisserie-\u00e0-Amiens.jpg\" data-attachment-id=\"802\" data-type=\"image\" class=\"fg-thumb\"><span class=\"fg-image-wrap\"><img decoding=\"async\" height=\"300\" width=\"402\" class=\"skip-lazy fg-image\" data-src-fg=\"http:\/\/www.groupe1000picardie.fr\/wp-G1000\/wp-content\/uploads\/cache\/2017\/02\/R\u00e9ha-OF-2014-Am\u00e9nagment-dune-blanchisserie-\u00e0-Amiens\/708865202.jpg\" src=\"data:image\/svg+xml,%3Csvg%20xmlns%3D%22http%3A%2F%2Fwww.w3.org%2F2000%2Fsvg%22%20width%3D%22402%22%20height%3D%22300%22%20viewBox%3D%220%200%20402%20300%22%3E%3C%2Fsvg%3E\" loading=\"eager\"><\/span><span class=\"fg-image-overlay\"><\/span><\/a><figcaption class=\"fg-caption\"><div class=\"fg-caption-inner\"><\/div><\/figcaption><\/figure><div class=\"fg-loader\"><\/div><\/div><div class=\"fg-item fg-type-image fg-idle\"><figure class=\"fg-item-inner\"><a href=\"http:\/\/www.groupe1000picardie.fr\/wp-G1000\/wp-content\/uploads\/2017\/02\/R\u00e9ha-OF-2014-Batiment-industriel-CAT-a-Roye-.jpg\" data-attachment-id=\"803\" data-type=\"image\" class=\"fg-thumb\"><span class=\"fg-image-wrap\"><img decoding=\"async\" height=\"300\" width=\"402\" class=\"skip-lazy fg-image\" data-src-fg=\"http:\/\/www.groupe1000picardie.fr\/wp-G1000\/wp-content\/uploads\/cache\/2017\/02\/R\u00e9ha-OF-2014-Batiment-industriel-CAT-a-Roye-\/401941813.jpg\" src=\"data:image\/svg+xml,%3Csvg%20xmlns%3D%22http%3A%2F%2Fwww.w3.org%2F2000%2Fsvg%22%20width%3D%22402%22%20height%3D%22300%22%20viewBox%3D%220%200%20402%20300%22%3E%3C%2Fsvg%3E\" loading=\"eager\"><\/span><span class=\"fg-image-overlay\"><\/span><\/a><figcaption class=\"fg-caption\"><div class=\"fg-caption-inner\"><\/div><\/figcaption><\/figure><div class=\"fg-loader\"><\/div><\/div><div class=\"fg-item fg-type-image fg-idle\"><figure class=\"fg-item-inner\"><a href=\"http:\/\/www.groupe1000picardie.fr\/wp-G1000\/wp-content\/uploads\/2017\/02\/R\u00e9ha-OF-2014-Coursives-MAS-\u00e0-Cagny.jpg\" data-attachment-id=\"804\" data-type=\"image\" class=\"fg-thumb\"><span class=\"fg-image-wrap\"><img decoding=\"async\" height=\"300\" width=\"402\" class=\"skip-lazy fg-image\" data-src-fg=\"http:\/\/www.groupe1000picardie.fr\/wp-G1000\/wp-content\/uploads\/cache\/2017\/02\/R\u00e9ha-OF-2014-Coursives-MAS-\u00e0-Cagny\/3936242916.jpg\" src=\"data:image\/svg+xml,%3Csvg%20xmlns%3D%22http%3A%2F%2Fwww.w3.org%2F2000%2Fsvg%22%20width%3D%22402%22%20height%3D%22300%22%20viewBox%3D%220%200%20402%20300%22%3E%3C%2Fsvg%3E\" loading=\"eager\"><\/span><span class=\"fg-image-overlay\"><\/span><\/a><figcaption class=\"fg-caption\"><div class=\"fg-caption-inner\"><\/div><\/figcaption><\/figure><div class=\"fg-loader\"><\/div><\/div><div class=\"fg-item fg-type-image fg-idle\"><figure class=\"fg-item-inner\"><a href=\"http:\/\/www.groupe1000picardie.fr\/wp-G1000\/wp-content\/uploads\/2017\/02\/R\u00e9ha-OF-2014-Extension-IME-\u00e0-Poix-de-Picardie.jpg\" data-attachment-id=\"805\" data-type=\"image\" class=\"fg-thumb\"><span class=\"fg-image-wrap\"><img decoding=\"async\" height=\"300\" width=\"402\" class=\"skip-lazy fg-image\" data-src-fg=\"http:\/\/www.groupe1000picardie.fr\/wp-G1000\/wp-content\/uploads\/cache\/2017\/02\/R\u00e9ha-OF-2014-Extension-IME-\u00e0-Poix-de-Picardie\/4263974156.jpg\" src=\"data:image\/svg+xml,%3Csvg%20xmlns%3D%22http%3A%2F%2Fwww.w3.org%2F2000%2Fsvg%22%20width%3D%22402%22%20height%3D%22300%22%20viewBox%3D%220%200%20402%20300%22%3E%3C%2Fsvg%3E\" loading=\"eager\"><\/span><span class=\"fg-image-overlay\"><\/span><\/a><figcaption class=\"fg-caption\"><div class=\"fg-caption-inner\"><\/div><\/figcaption><\/figure><div class=\"fg-loader\"><\/div><\/div><div class=\"fg-item fg-type-image fg-idle\"><figure class=\"fg-item-inner\"><a href=\"http:\/\/www.groupe1000picardie.fr\/wp-G1000\/wp-content\/uploads\/2017\/02\/R\u00e9ha-OF-2015-Travaux-daccessibilite-PMR-\u00e0-Cagny.jpg\" data-attachment-id=\"806\" data-type=\"image\" class=\"fg-thumb\"><span class=\"fg-image-wrap\"><img decoding=\"async\" height=\"300\" width=\"224\" class=\"skip-lazy fg-image\" data-src-fg=\"http:\/\/www.groupe1000picardie.fr\/wp-G1000\/wp-content\/uploads\/cache\/2017\/02\/R\u00e9ha-OF-2015-Travaux-daccessibilite-PMR-\u00e0-Cagny\/3723268272.jpg\" src=\"data:image\/svg+xml,%3Csvg%20xmlns%3D%22http%3A%2F%2Fwww.w3.org%2F2000%2Fsvg%22%20width%3D%22224%22%20height%3D%22300%22%20viewBox%3D%220%200%20224%20300%22%3E%3C%2Fsvg%3E\" loading=\"eager\"><\/span><span class=\"fg-image-overlay\"><\/span><\/a><figcaption class=\"fg-caption\"><div class=\"fg-caption-inner\"><\/div><\/figcaption><\/figure><div class=\"fg-loader\"><\/div><\/div><div class=\"fg-item fg-type-image fg-idle\"><figure class=\"fg-item-inner\"><a href=\"http:\/\/www.groupe1000picardie.fr\/wp-G1000\/wp-content\/uploads\/2017\/02\/R\u00e9ha-OF-2016-Modernisation-dune-maison-de-retraite-\u00e0-Amiens.jpg\" data-attachment-id=\"807\" data-type=\"image\" class=\"fg-thumb\"><span class=\"fg-image-wrap\"><img decoding=\"async\" height=\"300\" width=\"400\" class=\"skip-lazy fg-image\" data-src-fg=\"http:\/\/www.groupe1000picardie.fr\/wp-G1000\/wp-content\/uploads\/cache\/2017\/02\/R\u00e9ha-OF-2016-Modernisation-dune-maison-de-retraite-\u00e0-Amiens\/4073908262.jpg\" src=\"data:image\/svg+xml,%3Csvg%20xmlns%3D%22http%3A%2F%2Fwww.w3.org%2F2000%2Fsvg%22%20width%3D%22400%22%20height%3D%22300%22%20viewBox%3D%220%200%20400%20300%22%3E%3C%2Fsvg%3E\" loading=\"eager\"><\/span><span class=\"fg-image-overlay\"><\/span><\/a><figcaption class=\"fg-caption\"><div class=\"fg-caption-inner\"><\/div><\/figcaption><\/figure><div class=\"fg-loader\"><\/div><\/div><div class=\"fg-item fg-type-image fg-idle\"><figure class=\"fg-item-inner\"><a href=\"http:\/\/www.groupe1000picardie.fr\/wp-G1000\/wp-content\/uploads\/2017\/02\/R\u00e9ha-lgt-coll-2016-Institut-Th\u00e9rapeutique-Educatif-P\u00e9dagogique-de-lAbbaye-de-Valloires-\u00e0-Argoules.jpg\" data-attachment-id=\"841\" data-type=\"image\" class=\"fg-thumb\"><span class=\"fg-image-wrap\"><img decoding=\"async\" height=\"300\" width=\"400\" class=\"skip-lazy fg-image\" data-src-fg=\"http:\/\/www.groupe1000picardie.fr\/wp-G1000\/wp-content\/uploads\/cache\/2017\/02\/R\u00e9ha-lgt-coll-2016-Institut-Th\u00e9rapeutique-Educatif-P\u00e9dagogique-de-lAbbaye-de-Valloires-\u00e0-Argoules\/783152471.jpg\" src=\"data:image\/svg+xml,%3Csvg%20xmlns%3D%22http%3A%2F%2Fwww.w3.org%2F2000%2Fsvg%22%20width%3D%22400%22%20height%3D%22300%22%20viewBox%3D%220%200%20400%20300%22%3E%3C%2Fsvg%3E\" loading=\"eager\"><\/span><span class=\"fg-image-overlay\"><\/span><\/a><figcaption class=\"fg-caption\"><div class=\"fg-caption-inner\"><\/div><\/figcaption><\/figure><div class=\"fg-loader\"><\/div><\/div><div class=\"fg-item fg-type-image fg-idle\"><figure class=\"fg-item-inner\"><a href=\"http:\/\/www.groupe1000picardie.fr\/wp-G1000\/wp-content\/uploads\/2017\/02\/R\u00e9ha-lgt-coll-2007-40-logements-collectifs-Rue-Chardin-\u00e0-Amiens.jpg\" data-attachment-id=\"832\" data-type=\"image\" class=\"fg-thumb\"><span class=\"fg-image-wrap\"><img decoding=\"async\" height=\"300\" width=\"400\" class=\"skip-lazy fg-image\" data-src-fg=\"http:\/\/www.groupe1000picardie.fr\/wp-G1000\/wp-content\/uploads\/cache\/2017\/02\/R\u00e9ha-lgt-coll-2007-40-logements-collectifs-Rue-Chardin-\u00e0-Amiens\/2693892480.jpg\" src=\"data:image\/svg+xml,%3Csvg%20xmlns%3D%22http%3A%2F%2Fwww.w3.org%2F2000%2Fsvg%22%20width%3D%22400%22%20height%3D%22300%22%20viewBox%3D%220%200%20400%20300%22%3E%3C%2Fsvg%3E\" loading=\"eager\"><\/span><span class=\"fg-image-overlay\"><\/span><\/a><figcaption class=\"fg-caption\"><div class=\"fg-caption-inner\"><\/div><\/figcaption><\/figure><div class=\"fg-loader\"><\/div><\/div><div class=\"fg-item fg-type-image fg-idle\"><figure class=\"fg-item-inner\"><a href=\"http:\/\/www.groupe1000picardie.fr\/wp-G1000\/wp-content\/uploads\/2017\/02\/Construction-de-bureaux-avec-plateforme-dappui-aux-activit\u00e9s-\u00e0-Boves.jpg\" data-caption-title=\"Construction de bureaux avec plateforme d&#039;appui aux activit\u00e9s \u00e0 Boves\" data-attachment-id=\"946\" data-type=\"image\" class=\"fg-thumb\"><span class=\"fg-image-wrap\"><img decoding=\"async\" title=\"Construction de bureaux avec plateforme d&#039;appui aux activit\u00e9s \u00e0 Boves\" height=\"300\" width=\"400\" class=\"skip-lazy fg-image\" data-src-fg=\"http:\/\/www.groupe1000picardie.fr\/wp-G1000\/wp-content\/uploads\/cache\/2017\/02\/Construction-de-bureaux-avec-plateforme-dappui-aux-activit\u00e9s-\u00e0-Boves\/2825311126.jpg\" src=\"data:image\/svg+xml,%3Csvg%20xmlns%3D%22http%3A%2F%2Fwww.w3.org%2F2000%2Fsvg%22%20width%3D%22400%22%20height%3D%22300%22%20viewBox%3D%220%200%20400%20300%22%3E%3C%2Fsvg%3E\" loading=\"eager\"><\/span><span class=\"fg-image-overlay\"><\/span><\/a><figcaption class=\"fg-caption\"><div class=\"fg-caption-inner\"><div class=\"fg-caption-title\">Construction de bureaux avec plateforme d'appui aux activit\u00e9s \u00e0 Boves<\/div><\/div><\/figcaption><\/figure><div class=\"fg-loader\"><\/div><\/div><\/div>\r\n\n","protected":false},"excerpt":{"rendered":"<p>Ouvrages fonctionnels \u2013 R\u00e9habilitations<\/p>\n","protected":false},"author":1,"featured_media":0,"parent":0,"menu_order":0,"comment_status":"closed","ping_status":"closed","template":"","meta":{"footnotes":""},"class_list":["post-305","page","type-page","status-publish","hentry"],"_links":{"self":[{"href":"http:\/\/www.groupe1000picardie.fr\/wp-G1000\/wp-json\/wp\/v2\/pages\/305","targetHints":{"allow":["GET"]}}],"collection":[{"href":"http:\/\/www.groupe1000picardie.fr\/wp-G1000\/wp-json\/wp\/v2\/pages"}],"about":[{"href":"http:\/\/www.groupe1000picardie.fr\/wp-G1000\/wp-json\/wp\/v2\/types\/page"}],"author":[{"embeddable":true,"href":"http:\/\/www.groupe1000picardie.fr\/wp-G1000\/wp-json\/wp\/v2\/users\/1"}],"replies":[{"embeddable":true,"href":"http:\/\/www.groupe1000picardie.fr\/wp-G1000\/wp-json\/wp\/v2\/comments?post=305"}],"version-history":[{"count":4,"href":"http:\/\/www.groupe1000picardie.fr\/wp-G1000\/wp-json\/wp\/v2\/pages\/305\/revisions"}],"predecessor-version":[{"id":382,"href":"http:\/\/www.groupe1000picardie.fr\/wp-G1000\/wp-json\/wp\/v2\/pages\/305\/revisions\/382"}],"wp:attachment":[{"href":"http:\/\/www.groupe1000picardie.fr\/wp-G1000\/wp-json\/wp\/v2\/media?parent=305"}],"curies":[{"name":"wp","href":"https:\/\/api.w.org\/{rel}","templated":true}]}}